{"id":6218,"date":"2019-01-10T19:32:39","date_gmt":"2019-01-10T18:32:39","guid":{"rendered":"http:\/\/ecole.ecj23.org\/?page_id=6218"},"modified":"2020-02-26T19:43:28","modified_gmt":"2020-02-26T17:43:28","slug":"classe-de-neige","status":"publish","type":"page","link":"https:\/\/ecole.ecj23.org\/index.php\/classe-de-neige\/","title":{"rendered":"Classe de neige"},"content":{"rendered":"\n<h2 class=\"wp-block-heading\">Classe de neige \u00e0 Cerniebaud<\/h2>\n\n\n<ul class=\"wp-block-gallery columns-2 is-cropped\">\n<li class=\"blocks-gallery-item\">\n<figure><img loading=\"lazy\" decoding=\"async\" width=\"295\" height=\"120\" class=\"wp-image-6222\" src=\"http:\/\/ecole.ecj23.org\/wp-content\/uploads\/2019\/01\/cerniebaud-h120-chalet.jpg\" alt=\"\" data-id=\"6222\" data-link=\"http:\/\/ecole.ecj23.org\/index.php\/classe-de-neige\/cerniebaud-h120-chalet\/\"><\/figure>\n<\/li>\n<li class=\"blocks-gallery-item\">\n<figure><img loading=\"lazy\" decoding=\"async\" width=\"290\" height=\"120\" class=\"wp-image-6223\" src=\"http:\/\/ecole.ecj23.org\/wp-content\/uploads\/2019\/01\/cerniebaud-h120-raq-1.jpg\" alt=\"\" data-id=\"6223\" data-link=\"http:\/\/ecole.ecj23.org\/index.php\/classe-de-neige\/cerniebaud-h120-raq-2\/\" data-temp-aztec-id=\"d62c0a98-ad12-4dac-954f-fb69f4824318\"><\/figure>\n<\/li>\n<\/ul>\n\n\n<p style=\"text-align:justify\">La classe de CP B et de CM2 E partent dans le Jura au mois de f\u00e9vrier 2020 pour cinq jours de sport d&rsquo;hiver : ski de fond, snowtubing, biathlon, raquettes&#8230; Chacun va apprendre les gestes techniques de base dans une excellente ambiance et sous un soleil agr\u00e9able. Les conditions d&rsquo;h\u00e9bergement, dans un chalet avec chambres, r\u00e9fectoire, espaces de d\u00e9tente et de jeux, espaces de rangement, sont optimales.<\/p>\n\n\n\n<div style=\"height:20px\" aria-hidden=\"true\" class=\"wp-block-spacer\"><\/div>\n\n\n\n<h4 class=\"wp-block-heading\">En direct de Cerniebaud<\/h4>\n\n\n\n<p style=\"text-align:justify\">Blog interactif mis en place pendant toute la dur\u00e9e du voyage :<br>Consultez news, impressions, photos d\u00e9pos\u00e9es par les accompagnateurs&#8230;<\/p>\n\n\n\n<p style=\"text-align:center\"><a rel=\"noreferrer noopener\" aria-label=\" (s\u2019ouvre dans un nouvel onglet)\" href=\"\/wp-content\/uploads\/2020\/01\/Planning.pdf\" target=\"_blank\">Planning de la semaine 2020<\/a><\/p>\n\n\n\n<div style=\"height:20px\" aria-hidden=\"true\" class=\"wp-block-spacer\"><\/div>\n\n\n\n<p style=\"text-align:center\" class=\"has-medium-font-size\"><strong><a rel=\"noreferrer noopener\" aria-label=\" (s\u2019ouvre dans un nouvel onglet)\" href=\"\/wp-content\/uploads\/2020\/02\/FIL-ROUGE-CLASSE-DE-NEIGE-\u00c0-CERNIEBAUD-2020.pdf\" target=\"_blank\">ACC\u00c9DER AU BLOG 2020<\/a><\/strong><\/p>\n\n\n\n<p style=\"text-align:center\" class=\"has-medium-font-size\"><strong><a href=\"\/wp-content\/uploads\/2019\/03\/FIL-ROUGE-CLASSE-DE-NEIGE-\u00c0-CERNIEBAUD.pdf\" target=\"_blank\" rel=\"noreferrer noopener\" aria-label=\" (s\u2019ouvre dans un nouvel onglet)\">ACC\u00c9DER AU BLOG 2019<\/a><\/strong><\/p>\n\n\n\n<div style=\"height:20px\" aria-hidden=\"true\" class=\"wp-block-spacer\"><\/div>\n\n\n\n<h4 class=\"wp-block-heading\">Joindre les professeurs accompagnateurs sur place<\/h4>\n\n\n\n<p>Chalet de la Haute Joux : 03.84.51.10.39<\/p>\n\n\n\n<p style=\"text-align:justify\">Il ne devra \u00eatre utilis\u00e9, qu\u2019en cas d\u2019urgence et vous aurez le soin de nous laisser un message.<\/p>\n\n\n\n<div style=\"height:20px\" aria-hidden=\"true\" class=\"wp-block-spacer\"><\/div>\n\n\n\n<ul class=\"wp-block-gallery columns-3 is-cropped wp-block-gallery-1 is-layout-flex wp-block-gallery-is-layout-flex\"><li class=\"blocks-gallery-item\"><figure><img loading=\"lazy\" decoding=\"async\" width=\"451\" height=\"338\" src=\"http:\/\/ecole.ecj23.org\/wp-content\/uploads\/2019\/01\/biathlon_ecj23.jpg\" alt=\"\" data-id=\"6240\" data-link=\"http:\/\/ecole.ecj23.org\/index.php\/classe-de-neige\/biathlon_ecj23\/\" class=\"wp-image-6240\" srcset=\"https:\/\/ecole.ecj23.org\/wp-content\/uploads\/2019\/01\/biathlon_ecj23.jpg 451w, https:\/\/ecole.ecj23.org\/wp-content\/uploads\/2019\/01\/biathlon_ecj23-300x225.jpg 300w\" sizes=\"auto, (max-width: 451px) 100vw, 451px\" \/><\/figure><\/li><li class=\"blocks-gallery-item\"><figure><img loading=\"lazy\" decoding=\"async\" width=\"441\" height=\"331\" src=\"http:\/\/ecole.ecj23.org\/wp-content\/uploads\/2019\/01\/ski-fond_ecj23.jpg\" alt=\"\" data-id=\"6241\" data-link=\"http:\/\/ecole.ecj23.org\/index.php\/classe-de-neige\/ski-fond_ecj23\/\" class=\"wp-image-6241\" srcset=\"https:\/\/ecole.ecj23.org\/wp-content\/uploads\/2019\/01\/ski-fond_ecj23.jpg 441w, https:\/\/ecole.ecj23.org\/wp-content\/uploads\/2019\/01\/ski-fond_ecj23-300x225.jpg 300w\" sizes=\"auto, (max-width: 441px) 100vw, 441px\" \/><\/figure><\/li><li class=\"blocks-gallery-item\"><figure><img loading=\"lazy\" decoding=\"async\" width=\"409\" height=\"295\" src=\"http:\/\/ecole.ecj23.org\/wp-content\/uploads\/2019\/01\/snowtunning_ecj23.jpg\" alt=\"\" data-id=\"6242\" data-link=\"http:\/\/ecole.ecj23.org\/index.php\/classe-de-neige\/snowtunning_ecj23\/\" class=\"wp-image-6242\" srcset=\"https:\/\/ecole.ecj23.org\/wp-content\/uploads\/2019\/01\/snowtunning_ecj23.jpg 409w, https:\/\/ecole.ecj23.org\/wp-content\/uploads\/2019\/01\/snowtunning_ecj23-300x216.jpg 300w\" sizes=\"auto, (max-width: 409px) 100vw, 409px\" \/><\/figure><\/li><\/ul>\n","protected":false},"excerpt":{"rendered":"<p>Classe de neige \u00e0 Cerniebaud La classe de CP B et de CM2 E partent dans le Jura au mois de f\u00e9vrier 2020 pour cinq jours de sport d&rsquo;hiver : [&hellip;]<\/p>\n","protected":false},"author":10,"featured_media":0,"parent":0,"menu_order":0,"comment_status":"closed","ping_status":"closed","template":"","meta":{"footnotes":""},"class_list":["post-6218","page","type-page","status-publish","hentry"],"jetpack_sharing_enabled":true,"_links":{"self":[{"href":"https:\/\/ecole.ecj23.org\/index.php\/wp-json\/wp\/v2\/pages\/6218","targetHints":{"allow":["GET"]}}],"collection":[{"href":"https:\/\/ecole.ecj23.org\/index.php\/wp-json\/wp\/v2\/pages"}],"about":[{"href":"https:\/\/ecole.ecj23.org\/index.php\/wp-json\/wp\/v2\/types\/page"}],"author":[{"embeddable":true,"href":"https:\/\/ecole.ecj23.org\/index.php\/wp-json\/wp\/v2\/users\/10"}],"replies":[{"embeddable":true,"href":"https:\/\/ecole.ecj23.org\/index.php\/wp-json\/wp\/v2\/comments?post=6218"}],"version-history":[{"count":19,"href":"https:\/\/ecole.ecj23.org\/index.php\/wp-json\/wp\/v2\/pages\/6218\/revisions"}],"predecessor-version":[{"id":7323,"href":"https:\/\/ecole.ecj23.org\/index.php\/wp-json\/wp\/v2\/pages\/6218\/revisions\/7323"}],"wp:attachment":[{"href":"https:\/\/ecole.ecj23.org\/index.php\/wp-json\/wp\/v2\/media?parent=6218"}],"curies":[{"name":"wp","href":"https:\/\/api.w.org\/{rel}","templated":true}]}}