{"id":7535,"date":"2020-08-24T09:25:59","date_gmt":"2020-08-24T07:25:59","guid":{"rendered":"http:\/\/ecole.ecj23.org\/?page_id=7535"},"modified":"2020-08-24T09:29:43","modified_gmt":"2020-08-24T07:29:43","slug":"choeur-de-garcons","status":"publish","type":"page","link":"https:\/\/ecole.ecj23.org\/index.php\/choeur-de-garcons\/","title":{"rendered":"Ch\u0153ur de gar\u00e7ons"},"content":{"rendered":"\n<p style=\"text-align:justify\">Le Ch\u0153ur de Gar\u00e7ons de Mulhouse, \u00e9tabli dans l\u2019\u00c9cole Jean XXIII depuis l\u2019an 2000, recrute la plupart de ses petits chanteurs dans nos classes de CE1.<\/p>\n\n\n\n<p style=\"text-align:justify\">Un am\u00e9nagement horaire permettant aux choristes de participer aux \u00e9tudes du soir entre 16H et 17H30, avant leur r\u00e9p\u00e9tition, all\u00e8ge l\u2019organisation familiale des petits chanteurs.<\/p>\n\n\n\n<p style=\"text-align:justify\">Le Ch\u0153ur de Gar\u00e7ons est compos\u00e9 d\u2019une cinquantaine de chanteurs, petits chanteurs, adolescents et adultes, tous anciens petits chanteurs.<\/p>\n\n\n\n<p style=\"text-align:justify\">Appartenant \u00e0 la F\u00e9d\u00e9ration internationale des Pu\u00e9ri Cantores, le Ch\u0153ur de Gar\u00e7ons donne un concert par mois dans la r\u00e9gion Alsace et anime messes et c\u00e9l\u00e9brations dans les villes et villages.<\/p>\n\n\n\n<p>Une tourn\u00e9e musicale annuelle emm\u00e8ne le Ch\u0153ur dans le monde entier&nbsp;:<\/p>\n\n\n\n<ul class=\"wp-block-list\"><li>&nbsp;<\/li><li>en 2008, \u00e0 St Petersbourg pour un festival mondial du Chant choral,<\/li><\/ul>\n\n\n\n<ul class=\"wp-block-list\"><li>&nbsp;&nbsp; en 2009, en Guadeloupe, accueilli par un Ch\u0153ur d\u2019hommes ami\u2026<\/li><\/ul>\n\n\n\n<ul class=\"wp-block-list\"><li> en 2010, dans les Pyr\u00e9n\u00e9es et particuli\u00e8rement \u00e0 Lourdes<\/li><\/ul>\n\n\n\n<ul class=\"wp-block-list\"><li> en 2011, en R\u00e9publique Tch\u00e8que<\/li><\/ul>\n\n\n\n<ul class=\"wp-block-list\"><li> en 2012, en Angleterre.<\/li><\/ul>\n\n\n\n<p style=\"text-align:justify\">Ayant remport\u00e9 le 1<sup>er<\/sup> prix au concours de Chant scolaire de Mulhouse plusieurs ann\u00e9es de suite, s\u2019\u00e9tant vu d\u00e9cern\u00e9 le Prix de la Chorale Europ\u00e9enne de la Jeunesse par la Fondation Europ\u00e9enne de la Culture, le Ch\u0153ur de Gar\u00e7ons recherche la possibilit\u00e9 d\u2019am\u00e9liorer encore ses performances par une formation musicale plus approfondie. L\u2019ouverture d\u2019une fili\u00e8re \u00e0 horaire am\u00e9nag\u00e9 option \u00ab&nbsp;chant choral&nbsp;\u00bb (CE2-CM1 et CM2) s\u2019est concr\u00e9tis\u00e9e depuis la rentr\u00e9e 2010.<\/p>\n\n\n\n<p style=\"text-align:justify\">Tous les gar\u00e7ons qui aiment chanter, qui aiment voyager et d\u00e9couvrir la beaut\u00e9 sont attendus au Ch\u0153ur\u2026 C\u2019est une ouverture pour toute la famille, car tous entrent dans une grande famille&nbsp;: celle de la Man\u00e9canterie \u00e0 la Croix d\u2019Eb\u00e8ne n\u00e9e en 1948 dans le quartier de Dornach&nbsp;!<\/p>\n\n\n\n<p style=\"text-align:justify\">L\u2019\u00c9cole Jean XXIII, une \u00e9cole o\u00f9 l\u2019on chante beaucoup, o\u00f9 pr\u00e8s de 190 enfants d\u00e9couvrent la musique et le chant pour en faire peut-\u00eatre leur violon d\u2019Ingres pour toute la vie !<\/p>\n\n\n\n<p>Lien vers le site du Ch\u0153ur des Gar\u00e7ons de Mulhouse : <a rel=\"noreferrer noopener\" href=\"http:\/\/www.choeurdegarconsdemulhouse.com\/fr\/\" target=\"_blank\">Le choeur de gar\u00e7ons recrute<\/a><\/p>\n","protected":false},"excerpt":{"rendered":"<p>Le Ch\u0153ur de Gar\u00e7ons de Mulhouse, \u00e9tabli dans l\u2019\u00c9cole Jean XXIII depuis l\u2019an 2000, recrute la plupart de ses petits chanteurs dans nos classes de CE1. Un am\u00e9nagement horaire permettant [&hellip;]<\/p>\n","protected":false},"author":10,"featured_media":0,"parent":0,"menu_order":0,"comment_status":"closed","ping_status":"closed","template":"","meta":{"footnotes":""},"class_list":["post-7535","page","type-page","status-publish","hentry"],"jetpack_sharing_enabled":true,"_links":{"self":[{"href":"https:\/\/ecole.ecj23.org\/index.php\/wp-json\/wp\/v2\/pages\/7535","targetHints":{"allow":["GET"]}}],"collection":[{"href":"https:\/\/ecole.ecj23.org\/index.php\/wp-json\/wp\/v2\/pages"}],"about":[{"href":"https:\/\/ecole.ecj23.org\/index.php\/wp-json\/wp\/v2\/types\/page"}],"author":[{"embeddable":true,"href":"https:\/\/ecole.ecj23.org\/index.php\/wp-json\/wp\/v2\/users\/10"}],"replies":[{"embeddable":true,"href":"https:\/\/ecole.ecj23.org\/index.php\/wp-json\/wp\/v2\/comments?post=7535"}],"version-history":[{"count":2,"href":"https:\/\/ecole.ecj23.org\/index.php\/wp-json\/wp\/v2\/pages\/7535\/revisions"}],"predecessor-version":[{"id":7538,"href":"https:\/\/ecole.ecj23.org\/index.php\/wp-json\/wp\/v2\/pages\/7535\/revisions\/7538"}],"wp:attachment":[{"href":"https:\/\/ecole.ecj23.org\/index.php\/wp-json\/wp\/v2\/media?parent=7535"}],"curies":[{"name":"wp","href":"https:\/\/api.w.org\/{rel}","templated":true}]}}